{"id":1033,"date":"2018-08-29T16:30:02","date_gmt":"2018-08-29T19:30:02","guid":{"rendered":"https:\/\/ens9-caba.infd.edu.ar\/sitio\/informacion-para-alumnos\/"},"modified":"2026-03-03T17:13:54","modified_gmt":"2026-03-03T20:13:54","slug":"informacion-para-alumnos","status":"publish","type":"page","link":"https:\/\/ens9-caba.infd.edu.ar\/sitio\/informacion-para-alumnos\/","title":{"rendered":"Informaci\u00f3n para estudiantes"},"content":{"rendered":"\n<hr class=\"wp-block-separator has-alpha-channel-opacity\"\/>\n\n\n\n<p class=\"has-text-align-center has-medium-font-size\"><strong><span style=\"font-size: 12pt;\"><span style=\"color: #000080;\"><span style=\"text-decoration: underline;\">\u00a1Fechas para agendar y materiales necesarios!<\/span><\/span><\/span><\/strong><\/p>\n\n\n\n<h6 class=\"wp-block-heading alignwide has-text-align-center\"><strong><span style=\"font-size: 12pt;\"><span style=\"color: #000080;\"><span style=\"text-decoration: underline;\"><img decoding=\"async\" title=\"Almanaque\" height=\"39\" border=\"0\" class=\"alignleft\" src=\"https:\/\/ens9-caba.infd.edu.ar\/sitio\/wp-content\/uploads\/2018\/08\/almanaque.bmp\" alt=\"Almanaque\"><\/span><\/span><\/span><\/strong><\/h6>\n\n\n\n<div class=\"wp-block-group alignwide is-layout-constrained\"><div class=\"wp-block-group__inner-container\">\n<div class=\"wp-block-group alignwide is-nowrap is-layout-flex wp-container-1\">\n<h2 class=\"wp-block-heading has-base-3-background-color has-text-color has-background has-large-font-size\" style=\"color:#c23408\"><a href=\"https:\/\/ens9-caba.infd.edu.ar\/sitio\/wp-content\/uploads\/2026\/03\/Oferta-Horaria-ENS-N\u00b0-9-estudiantes.pdf\" data-type=\"URL\" data-id=\"https:\/\/ens9-caba.infd.edu.ar\/sitio\/wp-content\/uploads\/2024\/08\/Horarios_2C_24-version-final.pdf\" target=\"_blank\" rel=\"noreferrer noopener\">OFERTA HORARIA 1ER CUATRIMESTRE 2026<\/a> <\/h2>\n\n\n\n<p><\/p>\n\n\n\n<h2 class=\"wp-block-heading alignwide\">               <a href=\"https:\/\/ens9-caba.infd.edu.ar\/sitio\/wp-content\/uploads\/2026\/03\/Agenda-1er-Cuatrimestral-2026.docx\">CRONOGRAMA 1ER CUATRIMESTRE 2026<\/a> <\/h2>\n<\/div>\n\n\n\n<figure class=\"wp-block-image size-full\"><img decoding=\"async\" loading=\"lazy\" width=\"1080\" height=\"1350\" src=\"https:\/\/ens9-caba.infd.edu.ar\/sitio\/wp-content\/uploads\/2026\/02\/1.jpg\" alt=\"\" class=\"wp-image-2007\" srcset=\"https:\/\/ens9-caba.infd.edu.ar\/sitio\/wp-content\/uploads\/2026\/02\/1.jpg 1080w, https:\/\/ens9-caba.infd.edu.ar\/sitio\/wp-content\/uploads\/2026\/02\/1-800x1000.jpg 800w, https:\/\/ens9-caba.infd.edu.ar\/sitio\/wp-content\/uploads\/2026\/02\/1-768x960.jpg 768w\" sizes=\"(max-width: 1080px) 100vw, 1080px\" \/><\/figure>\n\n\n\n<p class=\"has-text-align-center has-text-color has-large-font-size\" style=\"color:#c44040\"><\/p>\n\n\n\n<figure class=\"wp-block-image size-full\"><img decoding=\"async\" loading=\"lazy\" width=\"1080\" height=\"1350\" src=\"https:\/\/ens9-caba.infd.edu.ar\/sitio\/wp-content\/uploads\/2026\/02\/2.jpg\" alt=\"\" class=\"wp-image-2008\" srcset=\"https:\/\/ens9-caba.infd.edu.ar\/sitio\/wp-content\/uploads\/2026\/02\/2.jpg 1080w, https:\/\/ens9-caba.infd.edu.ar\/sitio\/wp-content\/uploads\/2026\/02\/2-800x1000.jpg 800w, https:\/\/ens9-caba.infd.edu.ar\/sitio\/wp-content\/uploads\/2026\/02\/2-768x960.jpg 768w\" sizes=\"(max-width: 1080px) 100vw, 1080px\" \/><\/figure>\n\n\n\n<p><\/p>\n\n\n\n<p><a rel=\"noreferrer noopener\" href=\"https:\/\/ens9-caba.infd.edu.ar\/sitio\/wp-content\/uploads\/2024\/07\/Horarios_2C_24-ALUMNOS.pdf\" data-type=\"URL\" data-id=\"https:\/\/ens9-caba.infd.edu.ar\/sitio\/wp-content\/uploads\/2024\/02\/Agenda-1er-CUATRIMESTRE-2024-final.pdf\" target=\"_blank\"><\/a><\/p>\n\n\n\n<p> <\/p>\n\n\n\n<p><strong>CORRELATIVIDADES DE LOS ESPACIOS DE DEFINICI\u00d3N INSTITUCIONAL (EDI)<\/strong><\/p>\n\n\n\n<p><a href=\"https:\/\/ens9-caba.infd.edu.ar\/sitio\/wp-content\/uploads\/2021\/03\/Correlatividades-EDI-ENS9-para-ambos-Profesiorados.pdf\">Correlatividades EDI ENS9 para ambos Profesorados<\/a><\/p>\n\n\n\n<p><a href=\"https:\/\/ens9-caba.infd.edu.ar\/sitio\/wp-content\/uploads\/2023\/09\/Correlatividades-alumnos-PEP.pdf\" target=\"_blank\" rel=\"noreferrer noopener\">CUADRO DE&nbsp; CORRELATIVIDADES PROFESORADO EDUCACI\u00d3N PRIMARIA<\/a><\/p>\n\n\n\n<p><a href=\"https:\/\/ens9-caba.infd.edu.ar\/sitio\/wp-content\/uploads\/2023\/09\/Correlatividades-PEI-v3.pdf\" target=\"_blank\" rel=\"noreferrer noopener\">CUADRO DE CORRELATIVIDADES PROFESORADO EDUCACI\u00d3N INICIAL<\/a><\/p>\n\n\n\n<div id=\"_mcePaste\" class=\"mcePaste\" style=\"position: absolute; width: 1px; height: 1px; overflow: hidden; top: 0px; left: -10000px;\">&nbsp;<\/div>\n\n\n\n<figure class=\"wp-block-image size-large\"><img decoding=\"async\" loading=\"lazy\" width=\"1343\" height=\"1900\" src=\"https:\/\/ens9-caba.infd.edu.ar\/sitio\/wp-content\/uploads\/2022\/08\/Atencion-Alumnxs-del-9-que-quieren-hacer-ser-volantes_page-0001-1343x1900.jpg\" alt=\"\" class=\"wp-image-1569\" srcset=\"https:\/\/ens9-caba.infd.edu.ar\/sitio\/wp-content\/uploads\/2022\/08\/Atencion-Alumnxs-del-9-que-quieren-hacer-ser-volantes_page-0001-1343x1900.jpg 1343w, https:\/\/ens9-caba.infd.edu.ar\/sitio\/wp-content\/uploads\/2022\/08\/Atencion-Alumnxs-del-9-que-quieren-hacer-ser-volantes_page-0001-707x1000.jpg 707w, https:\/\/ens9-caba.infd.edu.ar\/sitio\/wp-content\/uploads\/2022\/08\/Atencion-Alumnxs-del-9-que-quieren-hacer-ser-volantes_page-0001-768x1086.jpg 768w, https:\/\/ens9-caba.infd.edu.ar\/sitio\/wp-content\/uploads\/2022\/08\/Atencion-Alumnxs-del-9-que-quieren-hacer-ser-volantes_page-0001-1086x1536.jpg 1086w, https:\/\/ens9-caba.infd.edu.ar\/sitio\/wp-content\/uploads\/2022\/08\/Atencion-Alumnxs-del-9-que-quieren-hacer-ser-volantes_page-0001-1448x2048.jpg 1448w, https:\/\/ens9-caba.infd.edu.ar\/sitio\/wp-content\/uploads\/2022\/08\/Atencion-Alumnxs-del-9-que-quieren-hacer-ser-volantes_page-0001-scaled.jpg 1810w\" sizes=\"(max-width: 1343px) 100vw, 1343px\" \/><\/figure>\n<\/div><\/div>\n\n\n\n<p class=\"has-x-large-font-size\"> <a href=\"https:\/\/ens9-caba.infd.edu.ar\/sitio\/wp-content\/uploads\/2026\/02\/Mesas-de-Examenes-FEBRERO-2026-VF.pdf\"><strong>MESAS DE EXAMEN FEBRERO 2026<\/strong><\/a> <strong>LA INSCRIPCI\u00d3N A LAS MESAS ES DEL 13 AL 19 DE FEBRERO (HASTA LAS 15 HS). LES COMPARTIMOS EL <a rel=\"noreferrer noopener\" href=\"https:\/\/ens9-caba.infd.edu.ar\/sitio\/wp-content\/uploads\/2024\/11\/INSTRUCTIVO-DE-INSCRIPCION-A-EXAMENES-AUTOGESTION-ESTUDIANTES.docx.pdf\" target=\"_blank\">INSTRUCTIVO<\/a><\/strong> <strong>PARA LA INSCRIPCI\u00d3N POR SIU GUARAN\u00cd<\/strong><\/p>\n\n\n\n<p><\/p>\n","protected":false},"excerpt":{"rendered":"<p>\u00a1Fechas para agendar y materiales necesarios! OFERTA HORARIA 1ER CUATRIMESTRE 2026 CRONOGRAMA 1ER CUATRIMESTRE 2026 CORRELATIVIDADES DE LOS ESPACIOS DE DEFINICI\u00d3N INSTITUCIONAL (EDI) Correlatividades EDI ENS9 para ambos Profesorados CUADRO DE&nbsp; CORRELATIVIDADES PROFESORADO EDUCACI\u00d3N PRIMARIA CUADRO DE CORRELATIVIDADES PROFESORADO EDUCACI\u00d3N INICIAL &nbsp; MESAS DE EXAMEN FEBRERO 2026 LA INSCRIPCI\u00d3N A LAS MESAS ES DEL 13 &#8230; <a title=\"Informaci\u00f3n para estudiantes\" class=\"read-more\" href=\"https:\/\/ens9-caba.infd.edu.ar\/sitio\/informacion-para-alumnos\/\" aria-label=\"More on Informaci\u00f3n para estudiantes\">[+]<\/a><\/p>\n","protected":false},"author":1391,"featured_media":0,"parent":0,"menu_order":0,"comment_status":"closed","ping_status":"closed","template":"","meta":[],"acf":[],"_links":{"self":[{"href":"https:\/\/ens9-caba.infd.edu.ar\/sitio\/wp-json\/wp\/v2\/pages\/1033"}],"collection":[{"href":"https:\/\/ens9-caba.infd.edu.ar\/sitio\/wp-json\/wp\/v2\/pages"}],"about":[{"href":"https:\/\/ens9-caba.infd.edu.ar\/sitio\/wp-json\/wp\/v2\/types\/page"}],"author":[{"embeddable":true,"href":"https:\/\/ens9-caba.infd.edu.ar\/sitio\/wp-json\/wp\/v2\/users\/1391"}],"replies":[{"embeddable":true,"href":"https:\/\/ens9-caba.infd.edu.ar\/sitio\/wp-json\/wp\/v2\/comments?post=1033"}],"version-history":[{"count":97,"href":"https:\/\/ens9-caba.infd.edu.ar\/sitio\/wp-json\/wp\/v2\/pages\/1033\/revisions"}],"predecessor-version":[{"id":2020,"href":"https:\/\/ens9-caba.infd.edu.ar\/sitio\/wp-json\/wp\/v2\/pages\/1033\/revisions\/2020"}],"wp:attachment":[{"href":"https:\/\/ens9-caba.infd.edu.ar\/sitio\/wp-json\/wp\/v2\/media?parent=1033"}],"curies":[{"name":"wp","href":"https:\/\/api.w.org\/{rel}","templated":true}]}}